{"id":340,"date":"2020-09-10T19:16:05","date_gmt":"2020-09-10T17:16:05","guid":{"rendered":"http:\/\/195.113.194.207\/~fimpefm\/?page_id=340"},"modified":"2023-07-18T15:15:13","modified_gmt":"2023-07-18T13:15:13","slug":"prihlaska-ke-studiu","status":"publish","type":"page","link":"https:\/\/fim.pef.mendelu.cz\/?page_id=340","title":{"rendered":"P\u0159ihl\u00e1\u0161ka ke studiu"},"content":{"rendered":"\n<div id=\"wp-block-themeisle-blocks-advanced-columns-9714a370\" class=\"wp-block-themeisle-blocks-advanced-columns alignfull has-1-columns has-desktop-equal-layout has-tablet-equal-layout has-mobile-equal-layout has-vertical-unset\"><div class=\"wp-block-themeisle-blocks-advanced-columns-overlay\"><\/div><div class=\"innerblocks-wrap\">\n<div id=\"wp-block-themeisle-blocks-advanced-column-c6b6a992\" class=\"wp-block-themeisle-blocks-advanced-column\">\n<h1 id=\"wp-block-themeisle-blocks-advanced-heading-55b44358\" class=\"wp-block-themeisle-blocks-advanced-heading wp-block-themeisle-blocks-advanced-heading-55b44358\">P\u0158IHL\u00c1\u0160KA KE STUDIU<\/h1>\n\n\n\n<div id=\"wp-block-themeisle-blocks-button-group-27237a58\" class=\"wp-block-themeisle-blocks-button-group collapse-mobile wp-block-buttons align-center\">\n<div id=\"wp-block-themeisle-blocks-button-ce11fbc6\" class=\"wp-block-themeisle-blocks-button wp-block-button\"><a href=\"https:\/\/is.mendelu.cz\/prihlaska\/\" target=\"_self\" rel=\"noopener noreferrer\" class=\"wp-block-button__link\"><span>P\u0158IHL\u00c1\u0160Ka ke studiu<\/span><\/a><\/div>\n\n\n\n<div id=\"wp-block-themeisle-blocks-button-292046b3\" class=\"wp-block-themeisle-blocks-button wp-block-button\"><a href=\"http:\/\/195.113.194.207\/~fimpefm\/?page_id=449\" target=\"_self\" rel=\"noopener noreferrer\" class=\"wp-block-button__link\"><span>n\u00e1vod jak pODAT P\u0158IHL\u00c1\u0160KU <\/span><\/a><\/div>\n<\/div>\n\n\n\n<div id=\"wp-block-themeisle-blocks-advanced-columns-dabf0daf\" class=\"wp-block-themeisle-blocks-advanced-columns has-2-columns has-desktop-equal-layout has-tablet-equal-layout has-mobile-collapsedRows-layout has-vertical-unset\"><div class=\"wp-block-themeisle-blocks-advanced-columns-overlay\"><\/div><div class=\"innerblocks-wrap\">\n<div id=\"wp-block-themeisle-blocks-advanced-column-7db763c3\" class=\"wp-block-themeisle-blocks-advanced-column\">\n<div class=\"wp-block-themeisle-blocks-service\">\n<div id=\"wp-block-themeisle-blocks-font-awesome-icons-1441103b\" class=\"wp-block-themeisle-blocks-font-awesome-icons\"><span class=\"wp-block-themeisle-blocks-font-awesome-icons-container\"><i class=\"far fa-clock\"><\/i><\/span><\/div>\n\n\n\n<h3 id=\"wp-block-themeisle-blocks-advanced-heading-6baebe84\" class=\"wp-block-themeisle-blocks-advanced-heading wp-block-themeisle-blocks-advanced-heading-6baebe84\">tERM\u00cdN POD\u00c1N\u00cd Prihl\u00e1\u0161ky<br>do 20. 8. 2023<\/h3>\n<\/div>\n<\/div>\n\n\n\n<div id=\"wp-block-themeisle-blocks-advanced-column-08bfa2c6\" class=\"wp-block-themeisle-blocks-advanced-column\">\n<div class=\"wp-block-themeisle-blocks-service\">\n<div id=\"wp-block-themeisle-blocks-font-awesome-icons-773907c4\" class=\"wp-block-themeisle-blocks-font-awesome-icons\"><span class=\"wp-block-themeisle-blocks-font-awesome-icons-container\"><i class=\"fas fa-graduation-cap\"><\/i><\/span><\/div>\n\n\n\n<h3 id=\"wp-block-themeisle-blocks-advanced-heading-c2a95047\" class=\"wp-block-themeisle-blocks-advanced-heading wp-block-themeisle-blocks-advanced-heading-c2a95047\">p\u0158IJ\u00cdMAC\u00cd zkou\u0161ky<br>4.9. &#8211; 5.9.2023<\/h3>\n<\/div>\n<\/div>\n<\/div><\/div>\n<\/div>\n<\/div><\/div>\n\n\n\n<section id=\"wp-block-themeisle-blocks-advanced-columns-335a2f03\" class=\"wp-block-themeisle-blocks-advanced-columns alignfull has-1-columns has-desktop-equal-layout has-tablet-equal-layout has-mobile-equal-layout has-vertical-flex-start has-light-bg\"><div class=\"wp-block-themeisle-blocks-advanced-columns-overlay\"><\/div><div class=\"innerblocks-wrap\">\n<div id=\"wp-block-themeisle-blocks-advanced-column-5d90343f\" class=\"wp-block-themeisle-blocks-advanced-column\">\n<section id=\"wp-block-themeisle-blocks-advanced-columns-b2ead1d6\" class=\"wp-block-themeisle-blocks-advanced-columns has-2-columns has-desktop-equal-layout has-tablet-equal-layout has-mobile-collapsedRows-layout has-vertical-flex-start\"><div class=\"wp-block-themeisle-blocks-advanced-columns-overlay\"><\/div><div class=\"innerblocks-wrap\">\n<div id=\"wp-block-themeisle-blocks-advanced-column-7c705a1c\" class=\"wp-block-themeisle-blocks-advanced-column\">\n<div id=\"wp-block-themeisle-blocks-advanced-heading-ea5e7576\" class=\"wp-block-themeisle-blocks-advanced-heading wp-block-themeisle-blocks-advanced-heading-ea5e7576\"><\/div>\n\n\n\n<h2 class=\"wp-block-heading has-text-align-left has-large-font-size\" id=\"prijimaci-rizeni\">P\u0159ij\u00edmac\u00ed \u0158\u00edzen\u00ed<\/h2>\n\n\n\n<p>Term\u00edn pod\u00e1n\u00ed p\u0159ihl\u00e1\u0161ky je\u00a0nejpozd\u011bji do 20. 8. 2023. <strong>P\u0159ij\u00edmac\u00ed zkou\u0161ka <\/strong>prob\u011bhne od <strong>4. 9. do 5. 9. 2023<\/strong>. Konkr\u00e9tn\u00ed den a \u010das p\u0159ij\u00edmac\u00ed zkou\u0161ky bude ka\u017ed\u00e9mu uchaze\u010di stanoven individu\u00e1ln\u011b v \u010dasov\u00e9m p\u0159edstihu a ozn\u00e1men zobrazen\u00edm v Univerzitn\u00edm informa\u010dn\u00edm syst\u00e9mu MENDELU v aplikaci, kde byla pod\u00e1na elektronick\u00e1 p\u0159ihl\u00e1\u0161ka ke studiu. Student se p\u0159ihla\u0161uje shodn\u00fdm zp\u016fsobem jako v p\u0159\u00edpad\u011b pod\u00e1v\u00e1n\u00ed p\u0159ihl\u00e1\u0161ky. P\u0159ij\u00edmac\u00ed zkou\u0161ka m\u00e1 podobu elektronick\u00e9ho testu. Ka\u017ed\u00e9mu uchaze\u010di je vygenerov\u00e1n individu\u00e1ln\u00ed test, kter\u00fd je okam\u017eit\u011b po odevzd\u00e1n\u00ed vyhodnocen. Uchaze\u010d je sezn\u00e1men s dosa\u017een\u00fdm v\u00fdsledkem testu ihned po jeho odevzd\u00e1n\u00ed.<\/p>\n\n\n\n<p>V\u00edce informac\u00ed: <a href=\"https:\/\/pef.mendelu.cz\/uchazec\/navazujici-magisterske-studium\/?psn=4472.87939453125\" data-type=\"URL\" data-id=\"https:\/\/pef.mendelu.cz\/uchazec\/navazujici-magisterske-studium\/?psn=4472.87939453125\" target=\"_blank\" rel=\"noreferrer noopener\">https:\/\/www.pef.mendelu.cz\/chci-navazujici-magisterske-studium<\/a><\/p>\n<\/div>\n\n\n\n<div id=\"wp-block-themeisle-blocks-advanced-column-5f9a9ec0\" class=\"wp-block-themeisle-blocks-advanced-column\">\n<figure class=\"wp-block-image size-large\"><img decoding=\"async\" loading=\"lazy\" width=\"1000\" height=\"667\" src=\"http:\/\/195.113.194.207\/~fimpefm\/wp-content\/uploads\/2020\/09\/kniha-mensia.jpg\" alt=\"\" class=\"wp-image-467\" srcset=\"https:\/\/fim.pef.mendelu.cz\/wp-content\/uploads\/2020\/09\/kniha-mensia.jpg 1000w, https:\/\/fim.pef.mendelu.cz\/wp-content\/uploads\/2020\/09\/kniha-mensia-300x200.jpg 300w, https:\/\/fim.pef.mendelu.cz\/wp-content\/uploads\/2020\/09\/kniha-mensia-768x512.jpg 768w, https:\/\/fim.pef.mendelu.cz\/wp-content\/uploads\/2020\/09\/kniha-mensia-930x620.jpg 930w\" sizes=\"(max-width: 1000px) 100vw, 1000px\" \/><\/figure>\n<\/div>\n<\/div><\/section>\n\n\n\n<section id=\"wp-block-themeisle-blocks-advanced-columns-8e7cc7ae\" class=\"wp-block-themeisle-blocks-advanced-columns has-3-columns has-desktop-equal-layout has-tablet-equal-layout has-mobile-collapsedRows-layout has-vertical-flex-start\"><div class=\"wp-block-themeisle-blocks-advanced-columns-overlay\"><\/div><div class=\"innerblocks-wrap\">\n<div id=\"wp-block-themeisle-blocks-advanced-column-725f10a7\" class=\"wp-block-themeisle-blocks-advanced-column\">\n<h3 class=\"wp-block-heading has-text-align-left has-medium-font-size\" id=\"hodnoceni-zkousky\"><strong>Hodnocen\u00ed zkou\u0161ky<\/strong><\/h3>\n\n\n\n<p class=\"has-text-align-left\">U testu lze dos\u00e1hnout maxim\u00e1ln\u011b 100 bod\u016f, chybn\u00e9 odpov\u011bdi jsou penalizov\u00e1ny z\u00e1porn\u00fdmi body.<\/p>\n<\/div>\n\n\n\n<div id=\"wp-block-themeisle-blocks-advanced-column-3c67f726\" class=\"wp-block-themeisle-blocks-advanced-column\">\n<h3 class=\"wp-block-heading has-text-align-left has-medium-font-size\" id=\"zkusebni-okruhy\"><strong>Zku\u0161ebn\u00ed okruhy<\/strong><\/h3>\n\n\n\n<p class=\"has-text-align-left\">Zku\u0161ebn\u00ed okruhy z p\u0159edm\u011btu Makroekonomie jsou vymezeny v tomto <a href=\"https:\/\/pef.mendelu.cz\/uchazec\/navazujici-magisterske-studium\/?psn=4472.87939453125\" data-type=\"URL\" data-id=\"https:\/\/pef.mendelu.cz\/uchazec\/navazujici-magisterske-studium\/?psn=4472.87939453125\">dokumentu<\/a><\/p>\n<\/div>\n\n\n\n<div id=\"wp-block-themeisle-blocks-advanced-column-4956dbc0\" class=\"wp-block-themeisle-blocks-advanced-column\">\n<h3 class=\"wp-block-heading has-text-align-left has-medium-font-size\" id=\"poradi-uchazecu\"><strong>Po\u0159ad\u00ed uchaze\u010d\u016f<\/strong><\/h3>\n\n\n\n<p class=\"has-text-align-left\">Po\u0159ad\u00ed uchaze\u010d\u016f sestaven\u00e9 podle celkov\u00e9ho po\u010dtu dosa\u017een\u00fdch bod\u016f je v\u00fdchoz\u00edm podkladem pro rozhodnut\u00ed pro p\u0159ijet\u00ed.<\/p>\n<\/div>\n<\/div><\/section>\n<\/div>\n<\/div><\/section>\n\n\n\n<section id=\"wp-block-themeisle-blocks-advanced-columns-dab9e0bf\" class=\"wp-block-themeisle-blocks-advanced-columns alignfull has-1-columns has-desktop-equal-layout has-tablet-equal-layout has-mobile-equal-layout has-vertical-flex-start has-light-bg\"><div class=\"wp-block-themeisle-blocks-advanced-columns-overlay\"><\/div><div class=\"innerblocks-wrap\">\n<div id=\"wp-block-themeisle-blocks-advanced-column-9df22226\" class=\"wp-block-themeisle-blocks-advanced-column\">\n<section id=\"wp-block-themeisle-blocks-advanced-columns-25c95699\" class=\"wp-block-themeisle-blocks-advanced-columns has-1-columns has-desktop-equal-layout has-tablet-equal-layout has-mobile-equal-layout has-vertical-flex-start\"><div class=\"wp-block-themeisle-blocks-advanced-columns-overlay\"><\/div><div class=\"innerblocks-wrap\">\n<div id=\"wp-block-themeisle-blocks-advanced-column-d4d9a4f8\" class=\"wp-block-themeisle-blocks-advanced-column\">\n<h2 class=\"wp-block-heading has-text-align-center\" id=\"osvobozeni-od-prijimaci-zkousky\">osvobozeni od p\u0159ij\u00edmac\u00ed zkou\u0161ky<\/h2>\n\n\n\n<hr class=\"wp-block-separator has-text-color has-black-color has-css-opacity has-black-background-color has-background\"\/>\n\n\n\n<p class=\"has-text-align-center\">Uchaze\u010di z <strong>Provozn\u011b ekonomick\u00e9 fakulty Mendelovy univerzity v Brn\u011b<\/strong> mohou <strong>osvobozeni od povinnosti vykon\u00e1n\u00ed p\u0159ij\u00edmac\u00ed zkou\u0161ky<\/strong>. \u017d\u00e1dosti o osvobozen\u00ed uchaze\u010d pod\u00e1v\u00e1 do <strong>14. kv\u011btna 2023<\/strong> (studenti fakulty mohou podat \u017e\u00e1dost p\u0159es kontaktn\u00ed centrum v UIS)<\/p>\n\n\n\n<p class=\"has-text-align-center\">Podm\u00ednky jsou uvedeny zde: <a href=\"https:\/\/www.pef.mendelu.cz\/prijimaci-rizeni\">https:\/\/www.pef.mendelu.cz\/prijimaci-rizeni<\/a> v dokumentu &#8222;Podm\u00ednky p\u0159ijet\u00ed k bakal\u00e1\u0159sk\u00e9mu a navazuj\u00edc\u00edmu magistersk\u00e9mu studiu na Provozn\u011b ekonomick\u00e9 fakult\u011b Mendelovy univerzity v Brn\u011b pro zimn\u00ed semestr akademick\u00e9ho roku 2023\/2024&#8220; (odstavec 3).<\/p>\n<\/div>\n<\/div><\/section>\n<\/div>\n<\/div><\/section>\n\n\n\n<section id=\"wp-block-themeisle-blocks-advanced-columns-0d54379d\" class=\"wp-block-themeisle-blocks-advanced-columns alignfull has-1-columns has-desktop-equal-layout has-tablet-equal-layout has-mobile-equal-layout has-vertical-flex-start\"><div class=\"wp-block-themeisle-blocks-advanced-columns-overlay\"><\/div><div class=\"innerblocks-wrap\">\n<div id=\"wp-block-themeisle-blocks-advanced-column-ba00a84a\" class=\"wp-block-themeisle-blocks-advanced-column\">\n<section id=\"wp-block-themeisle-blocks-advanced-columns-bd606a04\" class=\"wp-block-themeisle-blocks-advanced-columns has-2-columns has-desktop-equal-layout has-tablet-equal-layout has-mobile-collapsedRows-layout has-vertical-center\"><div class=\"wp-block-themeisle-blocks-advanced-columns-overlay\"><\/div><div class=\"innerblocks-wrap\">\n<div id=\"wp-block-themeisle-blocks-advanced-column-30f55ada\" class=\"wp-block-themeisle-blocks-advanced-column\">\n<div id=\"wp-block-themeisle-blocks-advanced-heading-da795afe\" class=\"wp-block-themeisle-blocks-advanced-heading wp-block-themeisle-blocks-advanced-heading-da795afe\"><strong>P\u0159ij\u00edmac\u00ed zkou\u0161ka<\/strong><\/div>\n\n\n\n<h2 class=\"wp-block-heading has-text-align-left\" id=\"pozadavky-na-znalosti\">Po\u017eadavky na znalosti<\/h2>\n\n\n\n<p class=\"has-text-align-left\">P\u0159ij\u00edmac\u00ed zkou\u0161ka na obor <strong>Finance a investi\u010dn\u00ed management<\/strong> se skl\u00e1d\u00e1 z testu z okruh\u016f t\u00fdkaj\u00edc\u00edch se <strong>Makroekonomie<\/strong>. N\u00e1pl\u0148 okruh\u016f odpov\u00edd\u00e1 u\u010divu, kter\u00e9 je standardn\u011b obsahem prakticky ka\u017ed\u00e9ho bakal\u00e1\u0159sk\u00e9ho stupn\u011b ekonomicky zam\u011b\u0159en\u00e9ho studia. To z toho d\u016fvodu, \u017ee c\u00edlem Provozn\u011b ekonomick\u00e9 fakulty Mendelovy univerzity v Brn\u011b je umo\u017enit vstup do oboru co nej\u0161ir\u0161\u00edmu spektru student\u016f z r\u016fzn\u00fdch ekonomicky orientovan\u00fdch bakal\u00e1\u0159sk\u00fdch studijn\u00edch obor\u016f.<\/p>\n\n\n\n<p>Vzorov\u00e9 testy, ke st\u00e1hnut\u00ed, zde: <a href=\"https:\/\/pef.mendelu.cz\/uchazec\/navazujici-magisterske-studium\/?psn=4472.87939453125\" data-type=\"URL\" data-id=\"https:\/\/pef.mendelu.cz\/uchazec\/navazujici-magisterske-studium\/?psn=4472.87939453125\" target=\"_blank\" rel=\"noreferrer noopener\">https:\/\/www.pef.mendelu.cz\/dokumenty-prijimaci-rizeni <\/a><\/p>\n<\/div>\n\n\n\n<div id=\"wp-block-themeisle-blocks-advanced-column-5bfe2246\" class=\"wp-block-themeisle-blocks-advanced-column\">\n<figure class=\"wp-block-image size-large\"><img decoding=\"async\" loading=\"lazy\" width=\"1000\" height=\"668\" src=\"http:\/\/195.113.194.207\/~fimpefm\/wp-content\/uploads\/2020\/09\/ucenie-maly.jpg\" alt=\"\" class=\"wp-image-470\" srcset=\"https:\/\/fim.pef.mendelu.cz\/wp-content\/uploads\/2020\/09\/ucenie-maly.jpg 1000w, https:\/\/fim.pef.mendelu.cz\/wp-content\/uploads\/2020\/09\/ucenie-maly-300x200.jpg 300w, https:\/\/fim.pef.mendelu.cz\/wp-content\/uploads\/2020\/09\/ucenie-maly-768x513.jpg 768w, https:\/\/fim.pef.mendelu.cz\/wp-content\/uploads\/2020\/09\/ucenie-maly-930x620.jpg 930w\" sizes=\"(max-width: 1000px) 100vw, 1000px\" \/><\/figure>\n<\/div>\n<\/div><\/section>\n\n\n\n<section id=\"wp-block-themeisle-blocks-advanced-columns-3db1a44f\" class=\"wp-block-themeisle-blocks-advanced-columns has-2-columns has-desktop-equal-layout has-tablet-equal-layout has-mobile-collapsedRows-layout has-vertical-center\"><div class=\"wp-block-themeisle-blocks-advanced-columns-overlay\"><\/div><div class=\"innerblocks-wrap\">\n<div id=\"wp-block-themeisle-blocks-advanced-column-646f8ae5\" class=\"wp-block-themeisle-blocks-advanced-column\">\n<figure class=\"wp-block-image size-large\"><img decoding=\"async\" loading=\"lazy\" width=\"640\" height=\"480\" src=\"http:\/\/195.113.194.207\/~fimpefm\/wp-content\/uploads\/2020\/09\/books-462579_640.jpg\" alt=\"\" class=\"wp-image-471\" srcset=\"https:\/\/fim.pef.mendelu.cz\/wp-content\/uploads\/2020\/09\/books-462579_640.jpg 640w, https:\/\/fim.pef.mendelu.cz\/wp-content\/uploads\/2020\/09\/books-462579_640-300x225.jpg 300w\" sizes=\"(max-width: 640px) 100vw, 640px\" \/><\/figure>\n<\/div>\n\n\n\n<div id=\"wp-block-themeisle-blocks-advanced-column-6b9e306f\" class=\"wp-block-themeisle-blocks-advanced-column\">\n<h4 class=\"wp-block-heading has-text-align-left\" id=\"pozadavky-na-znalosti-u-prijimaci-zkousky-z-okruhu-makroekonomie-jsou-ramcove-vymezeny-zejmena-nasledujici-odbornou-literaturou\">Po\u017eadavky na znalosti u p\u0159ij\u00edmac\u00ed zkou\u0161ky z okruh\u016f Makroekonomie jsou r\u00e1mcov\u011b vymezeny zejm\u00e9na n\u00e1sleduj\u00edc\u00ed odbornou literaturou:<\/h4>\n\n\n\n<ul>\n<li>JURE\u010cKA, V. a kol. Makroekonomie. 1. vyd. Praha: Grada, 2010. 332 s. ISBN 978-80-247-3258-9.<\/li>\n\n\n\n<li>HEL\u00cdSEK, M. Makroekonomie : z\u00e1kladn\u00ed kurs. 2. vyd. Praha: MELANDRIUM, 2002. 326 s. ISBN 80-86175-26-X.<\/li>\n\n\n\n<li>KLIKOV\u00c1, C. &#8211; KOTL\u00c1N, I. Hospod\u00e1\u0159sk\u00e1 politika. 1. vyd. Ostrava: Institut vzd\u011bl\u00e1v\u00e1n\u00ed Sokrates, 2003. 275 s. ISBN 80-86572-04-8.<\/li>\n\n\n\n<li>KREBS, V. a kol. Soci\u00e1ln\u00ed politika. Praha: ASPI, 2007. 503 s. ISBN 978-80-7357-276-1.<\/li>\n<\/ul>\n<\/div>\n<\/div><\/section>\n<\/div>\n<\/div><\/section>\n\n\n\n<section id=\"wp-block-themeisle-blocks-advanced-columns-546fa8db\" class=\"wp-block-themeisle-blocks-advanced-columns alignfull has-2-columns has-desktop-equal-layout has-tablet-equal-layout has-mobile-collapsedRows-layout has-vertical-flex-start has-light-bg\"><div class=\"wp-block-themeisle-blocks-advanced-columns-overlay\"><\/div><div class=\"innerblocks-wrap\">\n<div id=\"wp-block-themeisle-blocks-advanced-column-a03592cc\" class=\"wp-block-themeisle-blocks-advanced-column\">\n<p class=\"has-text-align-left\">Uchaze\u010d je povinen v den kon\u00e1n\u00ed p\u0159ij\u00edmac\u00ed zkou\u0161ky p\u0159edlo\u017eit studijn\u00edmu odd\u011blen\u00ed d\u011bkan\u00e1tu <strong>Provozn\u011b ekonomick\u00e9 fakulty (PEF)<\/strong> origin\u00e1l, pop\u0159. ov\u011b\u0159enou kopii dokladu o dosa\u017een\u00e9m vzd\u011bl\u00e1n\u00ed (diplom z bakal\u00e1\u0159sk\u00e9ho \u010di vy\u0161\u0161\u00edho stupn\u011b studia) a jeho kopii odevzdat studijn\u00edmu odd\u011blen\u00ed <strong>d\u011bkan\u00e1tu PEF<\/strong>. V p\u0159\u00edpad\u011b, \u017ee uchaze\u010d dan\u00fdm dokladem ve stanoven\u00e9m term\u00ednu nedisponuje (nap\u0159. teprve bude v nejbli\u017e\u0161\u00ed dob\u011b ukon\u010dovat bakal\u00e1\u0159sk\u00fd \u010di vy\u0161\u0161\u00ed stupe\u0148 studia), je povinen jej p\u0159edlo\u017eit do deseti dn\u016f od jeho z\u00edsk\u00e1n\u00ed. Na z\u00e1klad\u011b od\u016fvodn\u011bn\u00e9 \u017e\u00e1dosti doru\u010den\u00e9 na studijn\u00ed odd\u011blen\u00ed d\u011bkan\u00e1tu <strong>PEF<\/strong>, m\u016f\u017ee d\u011bkan stanovit jinou lh\u016ftu pro p\u0159edlo\u017een\u00ed dokladu o dosa\u017een\u00e9m vzd\u011bl\u00e1n\u00ed. Povinnost dokl\u00e1dat dosa\u017een\u00e9 vzd\u011bl\u00e1n\u00ed se nevztahuje na uchaze\u010de o studium, kter\u00fd p\u0159\u00edslu\u0161n\u00e9ho vzd\u011bl\u00e1n\u00ed dos\u00e1hl na PEF.<\/p>\n<\/div>\n\n\n\n<div id=\"wp-block-themeisle-blocks-advanced-column-5b750788\" class=\"wp-block-themeisle-blocks-advanced-column\">\n<h4 class=\"wp-block-heading has-text-align-left\" id=\"poplatek-spojeny-s-prijimacim-rizenim\">poplatek spojen\u00fd s p\u0159ij\u00edmac\u00edm \u0159\u00edzen\u00edm<\/h4>\n\n\n\n<p>Ke dni pod\u00e1n\u00ed p\u0159ihl\u00e1\u0161ky je splatn\u00fd poplatek spojen\u00fd s p\u0159ij\u00edmac\u00edm \u0159\u00edzen\u00edm ve v\u00fd\u0161i 600 K\u010d. Poplatek je nutno zaslat na \u010d\u00edslo \u00fa\u010dtu uveden\u00e9 v elektronick\u00e9 p\u0159ihl\u00e1\u0161ce. Platba mus\u00ed b\u00fdt sou\u010dasn\u011b ozna\u010dena variabiln\u00edm symbolem, kter\u00fd je automaticky p\u0159id\u011blen individu\u00e1ln\u011b ka\u017ed\u00e9mu uchaze\u010di a je rovn\u011b\u017e uveden v elektronick\u00e9 p\u0159ihl\u00e1\u0161ce.<\/p>\n\n\n\n<p>Samotn\u00e9 studium nen\u00ed spojeno se \u0161koln\u00fdm (studium prob\u00edh\u00e1 na ve\u0159ejn\u00e9 vysok\u00e9 \u0161kole).<\/p>\n<\/div>\n<\/div><\/section>\n\n\n\n<section id=\"wp-block-themeisle-blocks-advanced-columns-3370b7bf\" class=\"wp-block-themeisle-blocks-advanced-columns alignfull has-3-columns has-desktop-equal-layout has-tablet-equal-layout has-mobile-collapsedRows-layout has-vertical-flex-start has-light-bg\"><div class=\"wp-block-themeisle-blocks-advanced-columns-overlay\"><\/div><div class=\"innerblocks-wrap\">\n<div id=\"wp-block-themeisle-blocks-advanced-column-5b3c7021\" class=\"wp-block-themeisle-blocks-advanced-column has-light-bg\">\n<div id=\"wp-block-themeisle-blocks-font-awesome-icons-92d6ace4\" class=\"wp-block-themeisle-blocks-font-awesome-icons\"><span class=\"wp-block-themeisle-blocks-font-awesome-icons-container\"><i class=\"fas fa-clock\"><\/i><\/span><\/div>\n\n\n\n<p>Uchaze\u010d se m\u016f\u017ee p\u0159ihl\u00e1sit do studia, kter\u00e9 bude zah\u00e1jeno <strong>v z\u00e1\u0159\u00ed 2023<\/strong>. Term\u00edn pod\u00e1n\u00ed p\u0159ihl\u00e1\u0161ky (elektronicky) je nejpozd\u011bji do <strong>20. srpna 2023<\/strong>. Term\u00edny p\u0159ij\u00edmac\u00ed zkou\u0161kou jsou v \u010dase od <strong><strong>4. 9. do 5. 9. 2023<\/strong><\/strong>.<\/p>\n<\/div>\n\n\n\n<div id=\"wp-block-themeisle-blocks-advanced-column-45972dd0\" class=\"wp-block-themeisle-blocks-advanced-column has-light-bg\">\n<div id=\"wp-block-themeisle-blocks-font-awesome-icons-a35bfaca\" class=\"wp-block-themeisle-blocks-font-awesome-icons\"><span class=\"wp-block-themeisle-blocks-font-awesome-icons-container\"><i class=\"far fa-address-book\"><\/i><\/span><\/div>\n\n\n\n<p><strong><strong>P\u00edsemn\u00e9 dokumenty se doru\u010duj\u00ed na adresu:<\/strong><\/strong> Provozn\u011b ekonomick\u00e1 fakulta, Mendelova univerzita v Brn\u011b, studijn\u00ed odd\u011blen\u00ed d\u011bkan\u00e1tu Zem\u011bd\u011blsk\u00e1 1, 613 00 BRNO<\/p>\n<\/div>\n\n\n\n<div id=\"wp-block-themeisle-blocks-advanced-column-d9ca22a7\" class=\"wp-block-themeisle-blocks-advanced-column has-light-bg\">\n<div id=\"wp-block-themeisle-blocks-font-awesome-icons-079a41e0\" class=\"wp-block-themeisle-blocks-font-awesome-icons\"><span class=\"wp-block-themeisle-blocks-font-awesome-icons-container\"><i class=\"fas fa-book-open\"><\/i><\/span><\/div>\n\n\n\n<p>Obecn\u00e9 <strong>podm\u00ednky pro p\u0159ijet\u00ed ke studiu<\/strong>, zde: <a href=\"https:\/\/pef.mendelu.cz\/uchazec\/navazujici-magisterske-studium\/?psn=4472.87939453125\" data-type=\"URL\" data-id=\"https:\/\/pef.mendelu.cz\/uchazec\/navazujici-magisterske-studium\/?psn=4472.87939453125\" target=\"_blank\" rel=\"noreferrer noopener\">https:\/\/www.pef.mendelu.cz\/dokumenty-prijimaci-rizeni<\/a><\/p>\n\n\n\n<p>Konkr\u00e9tn\u00ed informace pro p\u0159ij\u00edmac\u00ed \u0159\u00edzen\u00ed do navazuj\u00edc\u00edho magistersk\u00e9ho studia: <a href=\"https:\/\/pef.mendelu.cz\/uchazec\/navazujici-magisterske-studium\/?psn=4472.87939453125\" data-type=\"URL\" data-id=\"https:\/\/pef.mendelu.cz\/uchazec\/navazujici-magisterske-studium\/?psn=4472.87939453125\">https:\/\/www.pef.mendelu.cz\/chci-navazujici-magisterske-studium<\/a><\/p>\n<\/div>\n<\/div><\/section>\n\n\n\n<p><\/p>\n","protected":false},"excerpt":{"rendered":"","protected":false},"author":1,"featured_media":0,"parent":0,"menu_order":0,"comment_status":"closed","ping_status":"closed","template":"","meta":{"neve_meta_sidebar":"full-width","neve_meta_container":"","neve_meta_enable_content_width":"on","neve_meta_content_width":100,"neve_meta_title_alignment":"","neve_meta_author_avatar":"","neve_post_elements_order":"","neve_meta_disable_header":"off","neve_meta_disable_footer":"","neve_meta_disable_title":"on","_themeisle_gutenberg_block_has_review":false,"_ti_tpc_template_sync":false,"_ti_tpc_template_id":""},"_links":{"self":[{"href":"https:\/\/fim.pef.mendelu.cz\/index.php?rest_route=\/wp\/v2\/pages\/340"}],"collection":[{"href":"https:\/\/fim.pef.mendelu.cz\/index.php?rest_route=\/wp\/v2\/pages"}],"about":[{"href":"https:\/\/fim.pef.mendelu.cz\/index.php?rest_route=\/wp\/v2\/types\/page"}],"author":[{"embeddable":true,"href":"https:\/\/fim.pef.mendelu.cz\/index.php?rest_route=\/wp\/v2\/users\/1"}],"replies":[{"embeddable":true,"href":"https:\/\/fim.pef.mendelu.cz\/index.php?rest_route=%2Fwp%2Fv2%2Fcomments&post=340"}],"version-history":[{"count":69,"href":"https:\/\/fim.pef.mendelu.cz\/index.php?rest_route=\/wp\/v2\/pages\/340\/revisions"}],"predecessor-version":[{"id":942,"href":"https:\/\/fim.pef.mendelu.cz\/index.php?rest_route=\/wp\/v2\/pages\/340\/revisions\/942"}],"wp:attachment":[{"href":"https:\/\/fim.pef.mendelu.cz\/index.php?rest_route=%2Fwp%2Fv2%2Fmedia&parent=340"}],"curies":[{"name":"wp","href":"https:\/\/api.w.org\/{rel}","templated":true}]}}