{"id":342,"date":"2020-09-10T19:16:32","date_gmt":"2020-09-10T17:16:32","guid":{"rendered":"http:\/\/195.113.194.207\/~fimpefm\/?page_id=342"},"modified":"2021-03-04T11:35:58","modified_gmt":"2021-03-04T10:35:58","slug":"partneri-oboru","status":"publish","type":"page","link":"https:\/\/fim.pef.mendelu.cz\/?page_id=342","title":{"rendered":"Partne\u0159i oboru"},"content":{"rendered":"\n<section class=\"wp-block-themeisle-blocks-advanced-columns alignfull has-1-columns has-desktop-equal-layout has-tablet-equal-layout has-mobile-equal-layout has-nogap-gap has-vertical-center\" id=\"wp-block-themeisle-blocks-advanced-columns-faf6acdf\"><div class=\"wp-block-themeisle-blocks-advanced-columns-overlay\"><\/div><div class=\"innerblocks-wrap\">\n<div class=\"wp-block-themeisle-blocks-advanced-column\" id=\"wp-block-themeisle-blocks-advanced-column-7ec5acd4\">\n<h1 id=\"wp-block-themeisle-blocks-advanced-heading-13ce2b13\" class=\"wp-block-themeisle-blocks-advanced-heading wp-block-themeisle-blocks-advanced-heading-13ce2b13\"><strong>PARTNE\u0158I OBORU<\/strong><\/h1>\n\n\n\n<hr class=\"wp-block-separator has-text-color has-background has-white-background-color has-white-color\"\/>\n\n\n\n<p class=\"has-text-align-center has-white-color has-text-color\">Obor Finance a investi\u010dn\u00ed management je obor, kter\u00fd re\u00e1ln\u011b p\u0159in\u00e1\u0161\u00ed praxi do studia na vysok\u00e9 \u0161kole. To z d\u016fvodu, \u017ee se na jeho realizaci pod\u00edl\u00ed p\u011bt v\u00fdznamn\u00fdch finan\u010dn\u00edch instituc\u00ed.<\/p>\n<\/div>\n<\/div><\/section>\n\n\n\n<section class=\"wp-block-themeisle-blocks-advanced-columns alignfull has-1-columns has-desktop-equal-layout has-tablet-equal-layout has-mobile-equal-layout has-nogap-gap has-vertical-center\" id=\"wp-block-themeisle-blocks-advanced-columns-2486197b\"><div class=\"wp-block-themeisle-blocks-advanced-columns-overlay\"><\/div><div class=\"innerblocks-wrap\">\n<div class=\"wp-block-themeisle-blocks-advanced-column\" id=\"wp-block-themeisle-blocks-advanced-column-fe550b0c\">\n<div class=\"wp-block-themeisle-blocks-advanced-columns has-6-columns has-desktop-equal-layout has-tablet-equal-layout has-mobile-collapsedRows-layout has-default-gap has-vertical-unset\" id=\"wp-block-themeisle-blocks-advanced-columns-ac9709a9\"><div class=\"wp-block-themeisle-blocks-advanced-columns-overlay\"><\/div><div class=\"innerblocks-wrap\">\n<div class=\"wp-block-themeisle-blocks-advanced-column\" id=\"wp-block-themeisle-blocks-advanced-column-ff4a87d4\">\n<div class=\"wp-block-group\"><div class=\"wp-block-group__inner-container is-layout-flow\">\n<figure class=\"wp-block-image size-large\"><img decoding=\"async\" loading=\"lazy\" width=\"400\" height=\"400\" src=\"http:\/\/195.113.194.207\/~fimpefm\/wp-content\/uploads\/2020\/09\/uni-1.jpeg\" alt=\"\" class=\"wp-image-380\" srcset=\"https:\/\/fim.pef.mendelu.cz\/wp-content\/uploads\/2020\/09\/uni-1.jpeg 400w, https:\/\/fim.pef.mendelu.cz\/wp-content\/uploads\/2020\/09\/uni-1-300x300.jpeg 300w, https:\/\/fim.pef.mendelu.cz\/wp-content\/uploads\/2020\/09\/uni-1-150x150.jpeg 150w\" sizes=\"(max-width: 400px) 100vw, 400px\" \/><\/figure>\n<\/div><\/div>\n<\/div>\n\n\n\n<div class=\"wp-block-themeisle-blocks-advanced-column\" id=\"wp-block-themeisle-blocks-advanced-column-f08e54cd\">\n<div class=\"wp-block-group\"><div class=\"wp-block-group__inner-container is-layout-flow\">\n<figure class=\"wp-block-image size-large is-resized\"><img decoding=\"async\" loading=\"lazy\" src=\"http:\/\/195.113.194.207\/~fimpefm\/wp-content\/uploads\/2020\/09\/aeg.jpeg\" alt=\"\" class=\"wp-image-381\" width=\"157\" height=\"157\" srcset=\"https:\/\/fim.pef.mendelu.cz\/wp-content\/uploads\/2020\/09\/aeg.jpeg 400w, https:\/\/fim.pef.mendelu.cz\/wp-content\/uploads\/2020\/09\/aeg-300x300.jpeg 300w, https:\/\/fim.pef.mendelu.cz\/wp-content\/uploads\/2020\/09\/aeg-150x150.jpeg 150w\" sizes=\"(max-width: 157px) 100vw, 157px\" \/><\/figure>\n<\/div><\/div>\n<\/div>\n\n\n\n<div class=\"wp-block-themeisle-blocks-advanced-column\" id=\"wp-block-themeisle-blocks-advanced-column-2d6dc2d3\">\n<figure class=\"wp-block-image size-large\"><img decoding=\"async\" loading=\"lazy\" width=\"400\" height=\"400\" src=\"http:\/\/195.113.194.207\/~fimpefm\/wp-content\/uploads\/2020\/09\/amu.jpeg\" alt=\"\" class=\"wp-image-382\" srcset=\"https:\/\/fim.pef.mendelu.cz\/wp-content\/uploads\/2020\/09\/amu.jpeg 400w, https:\/\/fim.pef.mendelu.cz\/wp-content\/uploads\/2020\/09\/amu-300x300.jpeg 300w, https:\/\/fim.pef.mendelu.cz\/wp-content\/uploads\/2020\/09\/amu-150x150.jpeg 150w\" sizes=\"(max-width: 400px) 100vw, 400px\" \/><\/figure>\n<\/div>\n\n\n\n<div class=\"wp-block-themeisle-blocks-advanced-column\" id=\"wp-block-themeisle-blocks-advanced-column-8c96edff\">\n<figure class=\"wp-block-image size-large\"><img decoding=\"async\" loading=\"lazy\" width=\"400\" height=\"400\" src=\"http:\/\/195.113.194.207\/~fimpefm\/wp-content\/uploads\/2020\/09\/axa.jpeg\" alt=\"\" class=\"wp-image-383\" srcset=\"https:\/\/fim.pef.mendelu.cz\/wp-content\/uploads\/2020\/09\/axa.jpeg 400w, https:\/\/fim.pef.mendelu.cz\/wp-content\/uploads\/2020\/09\/axa-300x300.jpeg 300w, https:\/\/fim.pef.mendelu.cz\/wp-content\/uploads\/2020\/09\/axa-150x150.jpeg 150w\" sizes=\"(max-width: 400px) 100vw, 400px\" \/><\/figure>\n<\/div>\n\n\n\n<div class=\"wp-block-themeisle-blocks-advanced-column\" id=\"wp-block-themeisle-blocks-advanced-column-54b7c6ea\">\n<figure class=\"wp-block-image size-large\"><img decoding=\"async\" loading=\"lazy\" width=\"400\" height=\"400\" src=\"http:\/\/195.113.194.207\/~fimpefm\/wp-content\/uploads\/2020\/09\/partn.jpeg\" alt=\"\" class=\"wp-image-384\" srcset=\"https:\/\/fim.pef.mendelu.cz\/wp-content\/uploads\/2020\/09\/partn.jpeg 400w, https:\/\/fim.pef.mendelu.cz\/wp-content\/uploads\/2020\/09\/partn-300x300.jpeg 300w, https:\/\/fim.pef.mendelu.cz\/wp-content\/uploads\/2020\/09\/partn-150x150.jpeg 150w\" sizes=\"(max-width: 400px) 100vw, 400px\" \/><\/figure>\n<\/div>\n\n\n\n<div class=\"wp-block-themeisle-blocks-advanced-column\" id=\"wp-block-themeisle-blocks-advanced-column-2897f546\">\n<figure class=\"wp-block-image size-large\"><img decoding=\"async\" loading=\"lazy\" width=\"400\" height=\"400\" src=\"http:\/\/195.113.194.207\/~fimpefm\/wp-content\/uploads\/2020\/09\/JET.jpeg\" alt=\"\" class=\"wp-image-526\" srcset=\"https:\/\/fim.pef.mendelu.cz\/wp-content\/uploads\/2020\/09\/JET.jpeg 400w, https:\/\/fim.pef.mendelu.cz\/wp-content\/uploads\/2020\/09\/JET-300x300.jpeg 300w, https:\/\/fim.pef.mendelu.cz\/wp-content\/uploads\/2020\/09\/JET-150x150.jpeg 150w\" sizes=\"(max-width: 400px) 100vw, 400px\" \/><\/figure>\n<\/div>\n<\/div><\/div>\n\n\n\n<div class=\"wp-block-themeisle-blocks-advanced-columns has-3-columns has-desktop-twoOneOne-layout has-tablet-equal-layout has-mobile-collapsedRows-layout has-default-gap has-vertical-unset\" id=\"wp-block-themeisle-blocks-advanced-columns-3543b802\"><div class=\"wp-block-themeisle-blocks-advanced-columns-overlay\"><\/div><div class=\"innerblocks-wrap\">\n<div class=\"wp-block-themeisle-blocks-advanced-column\" id=\"wp-block-themeisle-blocks-advanced-column-2f255219\">\n<p class=\"has-text-align-right\" style=\"font-size:25px\"><strong>MEDI\u00c1LN\u00cd PARTNE\u0158I<\/strong><\/p>\n<\/div>\n\n\n\n<div class=\"wp-block-themeisle-blocks-advanced-column\" id=\"wp-block-themeisle-blocks-advanced-column-f53e663d\">\n<figure class=\"wp-block-image size-large is-resized\"><a href=\"https:\/\/www.penize.cz\/\"><img decoding=\"async\" loading=\"lazy\" src=\"http:\/\/195.113.194.207\/~fimpefm\/wp-content\/uploads\/2020\/09\/PENIZELOG.jpeg\" alt=\"\" class=\"wp-image-549\" width=\"150\" height=\"75\" srcset=\"https:\/\/fim.pef.mendelu.cz\/wp-content\/uploads\/2020\/09\/PENIZELOG.jpeg 400w, https:\/\/fim.pef.mendelu.cz\/wp-content\/uploads\/2020\/09\/PENIZELOG-300x150.jpeg 300w\" sizes=\"(max-width: 150px) 100vw, 150px\" \/><\/a><\/figure>\n<\/div>\n\n\n\n<div class=\"wp-block-themeisle-blocks-advanced-column\" id=\"wp-block-themeisle-blocks-advanced-column-1e21be2e\">\n<figure class=\"wp-block-image size-large is-resized\"><a href=\"https:\/\/finmag.penize.cz\/\"><img decoding=\"async\" loading=\"lazy\" src=\"http:\/\/195.113.194.207\/~fimpefm\/wp-content\/uploads\/2020\/09\/FINMAGLOG.jpeg\" alt=\"\" class=\"wp-image-550\" width=\"150\" height=\"75\" srcset=\"https:\/\/fim.pef.mendelu.cz\/wp-content\/uploads\/2020\/09\/FINMAGLOG.jpeg 400w, https:\/\/fim.pef.mendelu.cz\/wp-content\/uploads\/2020\/09\/FINMAGLOG-300x150.jpeg 300w\" sizes=\"(max-width: 150px) 100vw, 150px\" \/><\/a><\/figure>\n<\/div>\n<\/div><\/div>\n<\/div>\n<\/div><\/section>\n\n\n\n<section class=\"wp-block-themeisle-blocks-advanced-columns alignfull has-2-columns has-desktop-equal-layout has-tablet-equal-layout has-mobile-collapsedRows-layout has-nogap-gap has-vertical-flex-start\" id=\"wp-block-themeisle-blocks-advanced-columns-ccfdd483\"><div class=\"wp-block-themeisle-blocks-advanced-columns-overlay\"><\/div><div class=\"innerblocks-wrap\">\n<div class=\"wp-block-themeisle-blocks-advanced-column\" id=\"wp-block-themeisle-blocks-advanced-column-5e80d468\">\n<h2 class=\"has-text-align-left has-large-font-size wp-block-heading\">Partners Financial Services<\/h2>\n\n\n\n<p class=\"has-text-align-left\">Finan\u010dn\u011b-poradensk\u00e1 spole\u010dnost <strong>Partners Financial Services, a. s.<\/strong> vstoupila na trh v roce 2007 a dnes je se sv\u00fdm v\u00edce ne\u017e miliardov\u00fdm ro\u010dn\u00edm obratem jedni\u010dkou v \u010cesk\u00e9 republice.<\/p>\n\n\n\n<p>Za na\u0161\u00edm \u00fasp\u011bchem stoj\u00ed filozofie a vize zakladatel\u016f spole\u010dnosti, mezi n\u011b\u017e pat\u0159\u00ed nap\u0159\u00edklad uzn\u00e1van\u00fd \u010desk\u00fd ekonom <strong>Pavel Kohout<\/strong>, b\u00fdval\u00fd n\u00e1m\u011bstek ministra financ\u00ed <strong>Tom\u00e1\u0161 Prouza<\/strong> nebo p\u0159edsedkyn\u011b p\u0159edstavenstva spole\u010dnosti <strong>Kate\u0159ina Palkov\u00e1<\/strong>.<\/p>\n\n\n\n<p>Touto viz\u00ed je poskytov\u00e1n\u00ed kvalitn\u00edho a poctiv\u00e9ho finan\u010dn\u00edho poradenstv\u00ed \u0161irok\u00e9mu spektru obyvatel. Chceme d\u011blat finan\u010dn\u00ed poradenstv\u00ed JINAK, a proto db\u00e1me na pe\u010dliv\u00fd v\u00fdb\u011br a vzd\u011bl\u00e1v\u00e1n\u00ed na\u0161ich poradc\u016f, zam\u011bstn\u00e1v\u00e1me t\u00fdm analytik\u016f, kter\u00fd vytv\u00e1\u0159\u00ed exkluzivn\u00ed n\u00edzkon\u00e1kladov\u00e9 produkty v oblasti poji\u0161t\u011bn\u00ed, investic i bankovnictv\u00ed, a p\u0159\u00edsn\u011b hl\u00edd\u00e1me kvalitu finan\u010dn\u00edch pl\u00e1n\u016f pro klienty.<\/p>\n\n\n\n<p>Vzd\u011bl\u00e1v\u00e1n\u00ed, a\u0165 ji\u017e poradc\u016f Partners, klient\u016f nebo \u0161irok\u00e9 ve\u0159ejnosti, je d\u016fle\u017eit\u00fdm pil\u00ed\u0159em na\u0161\u00ed korpor\u00e1tn\u00ed filozofie. Dlouhodob\u011b podporujeme spolupr\u00e1ci s vysok\u00fdmi \u0161kolami, provozujeme finan\u010dn\u00ed zpravodajsk\u00e9 servery pen\u00edze. cz a finmag.cz a na\u0161i poradci se \u00fa\u010dastn\u00ed po\u0159adu <strong>Krotitel\u00e9 dluh\u016f<\/strong> v \u010cesk\u00e9 televizi. V roce 2010 jsme spolu s profesn\u00edm sdru\u017een\u00edm AFIZ p\u0159inesli do \u010cR vzd\u011bl\u00e1vac\u00ed standardy a certifik\u00e1t celoevropsk\u00e9 \u00farovn\u011b <strong>European Financial Advisor\u2122 (EFA)<\/strong>. <\/p>\n\n\n\n<p>Partners jsou hlavn\u00edm inov\u00e1torem na trhu finan\u010dn\u00edho poradenstv\u00ed a neust\u00e1le roz\u0161i\u0159uj\u00ed sv\u00e9 aktivity. Pat\u0159\u00ed mezi n\u011b spu\u0161t\u011bn\u00ed <strong>Partners<\/strong> bankovn\u00edch slu\u017eeb ve spolupr\u00e1ci s <strong>UniCredit Bank<\/strong>, zalo\u017een\u00ed vlastn\u00ed investi\u010dn\u00ed spole\u010dnosti nebo vznik spole\u010dnosti <strong>Partners Akademie<\/strong>.<\/p>\n<\/div>\n\n\n\n<div class=\"wp-block-themeisle-blocks-advanced-column\" id=\"wp-block-themeisle-blocks-advanced-column-db653346\">\n<figure class=\"wp-block-image size-large\"><img decoding=\"async\" loading=\"lazy\" width=\"400\" height=\"400\" src=\"http:\/\/195.113.194.207\/~fimpefm\/wp-content\/uploads\/2020\/09\/partn.jpeg\" alt=\"\" class=\"wp-image-384\" srcset=\"https:\/\/fim.pef.mendelu.cz\/wp-content\/uploads\/2020\/09\/partn.jpeg 400w, https:\/\/fim.pef.mendelu.cz\/wp-content\/uploads\/2020\/09\/partn-300x300.jpeg 300w, https:\/\/fim.pef.mendelu.cz\/wp-content\/uploads\/2020\/09\/partn-150x150.jpeg 150w\" sizes=\"(max-width: 400px) 100vw, 400px\" \/><\/figure>\n\n\n\n<p>Neboj\u00edme se b\u00fdt v\u017edy o krok nap\u0159ed a hled\u00e1me vzd\u011blan\u00e9 a ambici\u00f3zn\u00ed mlad\u00e9 osobnosti, kter\u00e9 do toho cht\u011bj\u00ed j\u00edt s n\u00e1mi.<\/p>\n\n\n\n<div class=\"wp-block-buttons aligncenter is-layout-flex\">\n<div class=\"wp-block-button is-style-default\"><a class=\"wp-block-button__link has-neve-button-color-background-color has-background no-border-radius\" href=\"https:\/\/www.partners.cz\/\"><strong>Zjistit v\u00edce<\/strong><\/a><\/div>\n<\/div>\n<\/div>\n<\/div><\/section>\n\n\n\n<section class=\"wp-block-themeisle-blocks-advanced-columns alignfull has-2-columns has-desktop-equal-layout has-tablet-equal-layout has-mobile-collapsedRows-layout has-nogap-gap has-vertical-center\" id=\"wp-block-themeisle-blocks-advanced-columns-de72ff39\"><div class=\"wp-block-themeisle-blocks-advanced-columns-overlay\"><\/div><div class=\"innerblocks-wrap\">\n<div class=\"wp-block-themeisle-blocks-advanced-column\" id=\"wp-block-themeisle-blocks-advanced-column-41f6cecb\">\n<figure class=\"wp-block-image size-large\"><img decoding=\"async\" loading=\"lazy\" width=\"200\" height=\"167\" src=\"https:\/\/fim.pef.mendelu.cz\/wp-content\/uploads\/2021\/03\/petr-borkovec.jpg\" alt=\"\" class=\"wp-image-613\"\/><\/figure>\n<\/div>\n\n\n\n<div class=\"wp-block-themeisle-blocks-advanced-column\" id=\"wp-block-themeisle-blocks-advanced-column-5af0a9d5\">\n<div id=\"wp-block-themeisle-blocks-advanced-heading-b6575732\" class=\"wp-block-themeisle-blocks-advanced-heading wp-block-themeisle-blocks-advanced-heading-b6575732\"><strong>gener\u00e1ln\u00ed \u0159editel spole\u010dnosti Partners<\/strong><\/div>\n\n\n\n<h2 class=\"has-text-align-left wp-block-heading\">Ing. Petr Borkovec <\/h2>\n\n\n\n<p><em>Partners si jako jedni\u010dka na finan\u010dn\u011b-poradensk\u00e9m trhu dob\u0159e uv\u011bdomuj\u00ed nutnost podpory vzd\u011bl\u00e1v\u00e1n\u00ed v oblasti financ\u00ed a jejich spr\u00e1vy. Chceme finan\u010dn\u011b gramotnou ve\u0159ejnost, kter\u00e1 bude sv\u00e9 pen\u011b\u017en\u00ed ot\u00e1zky zodpov\u011bdn\u011b a zav\u010das \u0159e\u0161it. A k tomu pot\u0159ebujeme vzd\u011blan\u00e9 profesion\u00e1ly, kte\u0159\u00ed s pl\u00e1nov\u00e1n\u00edm financ\u00ed a tvorbou osobn\u00edch portfoli\u00ed porad\u00ed. Proto jsme ve spolupr\u00e1ci s PEF p\u0159ipravili nov\u00fd obor Finance a investi\u010dn\u00ed management, kter\u00fd m\u00e1 vychov\u00e1vat pr\u00e1v\u011b takov\u00e9 odborn\u00edky.<\/em><\/p>\n\n\n\n<p><em>Teoretick\u00e9 znalosti jsou nejefektivn\u011bj\u0161\u00ed v kombinaci s praktickou zku\u0161enost\u00ed. Proto jsme r\u00e1di, \u017ee i na\u0161i obchodn\u00ed partne\u0159i z \u0159ad finan\u010dn\u00edch instituc\u00ed se do projektu aktivn\u011b zapojili. V\u0161ichni si uv\u011bdomujeme, jak perspektivn\u00ed a d\u016fle\u017eit\u00fd je v \u010cesku pr\u00e1v\u011b obor financ\u00ed.<\/em><\/p>\n<\/div>\n<\/div><\/section>\n\n\n\n<section class=\"wp-block-themeisle-blocks-advanced-columns alignfull has-2-columns has-desktop-equal-layout has-tablet-equal-layout has-mobile-collapsedRows-layout has-nogap-gap has-vertical-flex-start\" id=\"wp-block-themeisle-blocks-advanced-columns-e1636b5b\"><div class=\"wp-block-themeisle-blocks-advanced-columns-overlay\"><\/div><div class=\"innerblocks-wrap\">\n<div class=\"wp-block-themeisle-blocks-advanced-column\" id=\"wp-block-themeisle-blocks-advanced-column-c320ba6d\">\n<h2 class=\"has-text-align-left has-large-font-size wp-block-heading\">Aegon Poji\u0161\u0165ovna, Aegon Penzijn\u00ed fond<\/h2>\n\n\n\n<p><strong>AEGON<\/strong> pat\u0159\u00ed mezi nejv\u011bt\u0161\u00ed sv\u011btov\u00e9 spole\u010dnosti v oblasti \u017eivotn\u00edho poji\u0161t\u011bn\u00ed a penzijn\u00edho p\u0159ipoji\u0161t\u011bn\u00ed. Jsme tak\u00e9 vyhled\u00e1van\u00fdm poskytovatelem investi\u010dn\u00edch produkt\u016f. Na\u0161ich 28 000 zam\u011bstnanc\u016f obsluhuje v\u00edce ne\u017e 40 milion\u016f z\u00e1kazn\u00edk\u016f ve v\u00edce ne\u017e 20 zem\u00edch Evropy, Ameriky i Asie.<\/p>\n\n\n\n<p>Kl\u00ed\u010dov\u00e9 trhy dnes p\u0159edstavuj\u00ed tradi\u010dn\u00ed zem\u011b jako Spojen\u00e9 st\u00e1ty, Nizozemsko a Spojen\u00e9 kr\u00e1lovstv\u00ed, v\u00fdznamn\u00fd r\u016fst v\u0161ak <strong>AEGON<\/strong> za\u017e\u00edv\u00e1 v regionu st\u0159edn\u00ed a v\u00fdchodn\u00ed Evropy. Ko\u0159eny na\u0161\u00ed spole\u010dnosti sahaj\u00ed do prvn\u00ed poloviny 19. stolet\u00ed. Vznik zna\u010dky <strong>AEGON<\/strong> v roce 1983 odstartoval novou etapu, kter\u00e1 je charakterizov\u00e1na dynamick\u00fdm rozvojem a modern\u00edm p\u0159\u00edstupem k podnik\u00e1n\u00ed.<\/p>\n\n\n\n<p><strong>AEGON<\/strong> zah\u00e1jil obchodn\u00ed \u010dinnost na \u010desk\u00e9m trhu v dubnu 2005 jako specialista na prodej p\u0159edev\u0161\u00edm investi\u010dn\u00edho \u017eivotn\u00edho poji\u0161t\u011bn\u00ed. V roce 2007 vznikl <strong>AEGON Penzijn\u00ed fond<\/strong>.<\/p>\n\n\n\n<p>Respekt, kvalita, transparentnost a d\u016fv\u011bra jsou z\u00e1kladn\u00ed hodnoty, na kter\u00fdch zna\u010dka <strong>AEGON<\/strong> stoj\u00ed. Na\u0161\u00ed ambic\u00ed je b\u00fdt v\u017edy nejlep\u0161\u00ed ve sv\u00e9m oboru. Chceme p\u0159in\u00e1\u0161et inovativn\u00ed \u0159e\u0161en\u00ed, kter\u00e1 ud\u00e1vaj\u00ed nov\u00fd sm\u011br v kl\u00ed\u010dov\u00fdch oblastech \u2013 investice, poji\u0161t\u011bn\u00ed a penze. Na\u0161e aktivity se r\u016fzn\u00fdm zp\u016fsobem dot\u00fdkaj\u00ed \u017eivota milion\u016f lid\u00ed po cel\u00e9m sv\u011bt\u011b. C\u00edl je v\u0161ak v ka\u017ed\u00e9 zemi a v ka\u017ed\u00fd okam\u017eik stejn\u00fd \u2013 lep\u0161\u00ed zabezpe\u010den\u00ed budoucnosti.<\/p>\n<\/div>\n\n\n\n<div class=\"wp-block-themeisle-blocks-advanced-column\" id=\"wp-block-themeisle-blocks-advanced-column-24e5dddc\">\n<figure class=\"wp-block-image size-large\"><img decoding=\"async\" loading=\"lazy\" width=\"400\" height=\"400\" src=\"http:\/\/195.113.194.207\/~fimpefm\/wp-content\/uploads\/2020\/09\/aeg.jpeg\" alt=\"\" class=\"wp-image-381\" srcset=\"https:\/\/fim.pef.mendelu.cz\/wp-content\/uploads\/2020\/09\/aeg.jpeg 400w, https:\/\/fim.pef.mendelu.cz\/wp-content\/uploads\/2020\/09\/aeg-300x300.jpeg 300w, https:\/\/fim.pef.mendelu.cz\/wp-content\/uploads\/2020\/09\/aeg-150x150.jpeg 150w\" sizes=\"(max-width: 400px) 100vw, 400px\" \/><\/figure>\n\n\n\n<p class=\"has-text-align-center\">V\u00edce informac\u00ed lze nal\u00e9zt na internetov\u00fdch str\u00e1nk\u00e1ch <a href=\"http:\/\/www.aegon.cz\">www.aegon.cz<\/a> nebo <a href=\"http:\/\/www.aegon.com\">www.aegon.com<\/a>.<\/p>\n\n\n\n<div class=\"wp-block-buttons aligncenter is-layout-flex\">\n<div class=\"wp-block-button is-style-default\"><a class=\"wp-block-button__link has-neve-button-color-background-color has-background no-border-radius\" href=\"https:\/\/www.aegon.com\/home\/\"><strong>Zjistit v\u00edce<\/strong><\/a><\/div>\n<\/div>\n<\/div>\n<\/div><\/section>\n\n\n\n<section class=\"wp-block-themeisle-blocks-advanced-columns alignfull has-2-columns has-desktop-equal-layout has-tablet-equal-layout has-mobile-collapsedRows-layout has-nogap-gap has-vertical-center\" id=\"wp-block-themeisle-blocks-advanced-columns-8beb0cc1\"><div class=\"wp-block-themeisle-blocks-advanced-columns-overlay\"><\/div><div class=\"innerblocks-wrap\">\n<div class=\"wp-block-themeisle-blocks-advanced-column\" id=\"wp-block-themeisle-blocks-advanced-column-c2e6bff3\">\n<h2 class=\"wp-block-heading\">Pro\u010d obor Finance a investi\u010dn\u00ed management podporuje Aegon \u010cesk\u00e1 republika?<\/h2>\n<\/div>\n\n\n\n<div class=\"wp-block-themeisle-blocks-advanced-column\" id=\"wp-block-themeisle-blocks-advanced-column-149b9063\">\n<p><em>Rozhodli jsme se podpo\u0159it nov\u011b vznikaj\u00edc\u00ed obor Finance a investi\u010dn\u00ed management na Provozn\u011b -ekonomick\u00e9 fakult\u011b v Brn\u011b, proto\u017ee chceme p\u0159isp\u00edvat k profesionalizaci a posilov\u00e1n\u00ed trhu finan\u010dn\u00edch slu\u017eeb.<\/em><\/p>\n\n\n\n<p><em>Za jeden z nejlep\u0161\u00edch zp\u016fsob\u016f, jak toho dos\u00e1hnout, pova\u017eujeme vytvo\u0159en\u00ed \u00fazk\u00fdch vazeb mezi akademick\u00fdm sv\u011btem a re\u00e1ln\u00fdm tr\u017en\u00edm prost\u0159ed\u00edm s ohledem na pot\u0159eby firem podnikaj\u00edc\u00edch na \u010desk\u00e9m finan\u010dn\u00edm trhu a jejich klient\u016f.<\/em><\/p>\n\n\n\n<p><em>Mysl\u00edme si, \u017ee firmy by na sebe m\u011bly vz\u00edt \u010d\u00e1st odpov\u011bdnosti a aktivit p\u0159i v\u00fdchov\u011b, rozvoji a vzd\u011bl\u00e1v\u00e1n\u00ed odborn\u00edk\u016f, kte\u0159\u00ed se stanou budouc\u00ed generac\u00ed zam\u011bstnanc\u016f a mana\u017eer\u016f v oboru.<\/em><\/p>\n<\/div>\n<\/div><\/section>\n\n\n\n<section class=\"wp-block-themeisle-blocks-advanced-columns alignfull has-2-columns has-desktop-equal-layout has-tablet-equal-layout has-mobile-collapsedRows-layout has-nogap-gap has-vertical-flex-start\" id=\"wp-block-themeisle-blocks-advanced-columns-d1d67c62\"><div class=\"wp-block-themeisle-blocks-advanced-columns-overlay\"><\/div><div class=\"innerblocks-wrap\">\n<div class=\"wp-block-themeisle-blocks-advanced-column\" id=\"wp-block-themeisle-blocks-advanced-column-ecffb565\">\n<h2 class=\"has-text-align-left has-large-font-size wp-block-heading\">UniCredit Bank<\/h2>\n\n\n\n<p><strong>Unicredit Bank Czech Republic a. s.<\/strong> je siln\u00e1 a v\u00fdkonn\u00e1 evropsk\u00e1 banka s dominantn\u00edm postaven\u00edm ve st\u0159edn\u00ed a v\u00fdchodn\u00ed Evrop\u011b, kter\u00e1 zah\u00e1jila svoji \u010dinnost na \u010desk\u00e9m trhu 5. listopadu 2007 integrac\u00ed dvou dosud samostatn\u011b p\u016fsob\u00edc\u00edch \u00fasp\u011b\u0161n\u00fdch bankovn\u00edch dom\u016f <strong>HVB Bank<\/strong> a <strong>\u017divnostensk\u00e9 banky<\/strong>.<\/p>\n\n\n\n<p><strong>UniCredit Bank Czech Republic a. s.<\/strong> je silnou a rychle se rozv\u00edjej\u00edc\u00ed bankou, kter\u00e1 nab\u00edz\u00ed \u0161irokou \u0161k\u00e1lu kvalitn\u00edch produkt\u016f pro firemn\u00ed z\u00e1kazn\u00edky i priv\u00e1tn\u00ed klientelu. Bance se da\u0159\u00ed plnit postupn\u00e9 c\u00edle v oblasti retailov\u00e9ho bankovnictv\u00ed, a stejn\u011b tak si dlouhodob\u011b dr\u017e\u00ed kvalitu a s n\u00ed souvisej\u00edc\u00ed r\u016fstovou pozici v oblasti firemn\u00edho bankovnictv\u00ed. V\u00fdraznou pozornost v\u011bnuje svoj\u00ed nab\u00eddkou produkt\u016f a slu\u017eeb tak\u00e9 segmentu tzv. svobodn\u00fdch povol\u00e1n\u00ed. Z\u00e1kazn\u00edci <strong>UniCredit Bank<\/strong> maj\u00ed od roku 2007 mo\u017enost vyu\u017e\u00edvat nab\u00eddku slu\u017eeb pro financov\u00e1n\u00ed projekt\u016f ze <strong>struktur\u00e1ln\u00edch fond\u016f EU<\/strong> nab\u00edzen\u00fdch prost\u0159ednictv\u00edm Evropsk\u00e9ho kompeten\u010dn\u00edho centra <strong>UniCredit Bank<\/strong>. V oblasti retailov\u00e9ho bankovnictv\u00ed sehr\u00e1v\u00e1 v\u00fdznamnou roli nap\u0159\u00edklad ve sf\u00e9\u0159e hypote\u010dn\u00edch \u00fav\u011br\u016f, kreditn\u00edch karet nebo produkt\u016f nab\u00edzej\u00edc\u00edch investi\u010dn\u00ed p\u0159\u00edle\u017eitosti.<\/p>\n\n\n\n<p><strong>UniCredit Bank Czech Republic a. s.<\/strong> v sou\u010dasn\u00e9 dob\u011b disponuje celkem 70 pobo\u010dkami, mezi kter\u00e9 od roku 2010 pat\u0159\u00ed tak\u00e9 obchodn\u00ed m\u00edsta fran\u0161\u00edzov\u00e9ho typu. Bilan\u010dn\u00ed suma banky k 31. 9. 2010 byla 257,4 mld. CZK, \u010d\u00edm\u017e se banka \u0159ad\u00ed na \u010dtvrt\u00e9 m\u00edsto v \u010cesk\u00e9 republice.<\/p>\n<\/div>\n\n\n\n<div class=\"wp-block-themeisle-blocks-advanced-column\" id=\"wp-block-themeisle-blocks-advanced-column-6a3c9526\">\n<figure class=\"wp-block-image size-large\"><img decoding=\"async\" loading=\"lazy\" width=\"400\" height=\"400\" src=\"http:\/\/195.113.194.207\/~fimpefm\/wp-content\/uploads\/2020\/09\/uni-1.jpeg\" alt=\"\" class=\"wp-image-380\" srcset=\"https:\/\/fim.pef.mendelu.cz\/wp-content\/uploads\/2020\/09\/uni-1.jpeg 400w, https:\/\/fim.pef.mendelu.cz\/wp-content\/uploads\/2020\/09\/uni-1-300x300.jpeg 300w, https:\/\/fim.pef.mendelu.cz\/wp-content\/uploads\/2020\/09\/uni-1-150x150.jpeg 150w\" sizes=\"(max-width: 400px) 100vw, 400px\" \/><\/figure>\n\n\n\n<div class=\"wp-block-buttons aligncenter is-layout-flex\">\n<div class=\"wp-block-button is-style-default\"><a class=\"wp-block-button__link has-neve-button-color-background-color has-background no-border-radius\" href=\"https:\/\/www.unicreditbank.cz\/cs\/obcane.html\"><strong>Zjistit v\u00edce<\/strong><\/a><\/div>\n<\/div>\n<\/div>\n<\/div><\/section>\n\n\n\n<section class=\"wp-block-themeisle-blocks-advanced-columns alignfull has-2-columns has-desktop-equal-layout has-tablet-equal-layout has-mobile-collapsedRows-layout has-nogap-gap has-vertical-center\" id=\"wp-block-themeisle-blocks-advanced-columns-695d40bb\"><div class=\"wp-block-themeisle-blocks-advanced-columns-overlay\"><\/div><div class=\"innerblocks-wrap\">\n<div class=\"wp-block-themeisle-blocks-advanced-column\" id=\"wp-block-themeisle-blocks-advanced-column-3333de53\">\n<h2 class=\"wp-block-heading\">Pro\u010d obor Finance a investi\u010dn\u00ed management podporuje UniCredit Bank?<\/h2>\n<\/div>\n\n\n\n<div class=\"wp-block-themeisle-blocks-advanced-column\" id=\"wp-block-themeisle-blocks-advanced-column-de47bd30\">\n<p><em>Na\u0161e banka poskytuje ji\u017e n\u011bkolik let komplexn\u00ed program p\u00e9\u010de o rozvoj mlad\u00fdch talentovan\u00fdch lid\u00ed.<\/em><\/p>\n\n\n\n<p><em>Pr\u00e1v\u011b zahajovan\u00e1 spolupr\u00e1ce s Mendelovou univerzitou v Brn\u011b je dal\u0161\u00edm krokem k je\u0161t\u011b v\u011bt\u0161\u00edmu prohlouben\u00ed aktivn\u00ed komunikace mezi bankou a akademick\u00fdm sv\u011btem. Mlad\u00fdch lid\u00ed a jejich talentu si velice v\u00e1\u017e\u00edme a jsme p\u0159esv\u011bd\u010deni, \u017ee na\u0161e banka m\u016f\u017ee mlad\u00fdm lidem nab\u00eddnout jejich dal\u0161\u00ed osobnostn\u00ed r\u016fst. \u00dasp\u011bchy sou\u010dasn\u00fdch projekt\u016f n\u00e1m dod\u00e1vaj\u00ed do dal\u0161\u00edch projekt\u016f optimismus.<\/em><\/p>\n<\/div>\n<\/div><\/section>\n\n\n\n<section class=\"wp-block-themeisle-blocks-advanced-columns alignfull has-2-columns has-desktop-equal-layout has-tablet-equal-layout has-mobile-collapsedRows-layout has-nogap-gap has-vertical-flex-start\" id=\"wp-block-themeisle-blocks-advanced-columns-40c18622\"><div class=\"wp-block-themeisle-blocks-advanced-columns-overlay\"><\/div><div class=\"innerblocks-wrap\">\n<div class=\"wp-block-themeisle-blocks-advanced-column\" id=\"wp-block-themeisle-blocks-advanced-column-b101496c\">\n<h2 class=\"has-text-align-left has-large-font-size wp-block-heading\">Amundi Asset Management<\/h2>\n\n\n\n<p>Po spojen\u00ed spole\u010dnosti Amundi se spole\u010dnost\u00ed Pioneer Investment management do\u0161lo k vytvo\u0159en\u00ed jedni\u010dky v Evrop\u011b s roz\u0161\u00ed\u0159enou nab\u00eddkou aktivn\u00edho a pasivn\u00edho managementu, ale i s mo\u017enost\u00ed alternativn\u00edch \u010di re\u00e1ln\u00fdch investic.<\/p>\n\n\n\n<p>Glob\u00e1ln\u00ed klientsk\u00e1 z\u00e1kladna s v\u00edce ne\u017e 100 miliony retailov\u00fdch, institucion\u00e1ln\u00edch a firemn\u00edch klient\u016f odr\u00e1\u017e\u00ed schopnost skupiny Amundi z\u00edskat si d\u016fv\u011bru \u0161irok\u00e9ho spektra priv\u00e1tn\u00edch i ve\u0159ejn\u00fdch investor\u016f na cel\u00e9m sv\u011bt\u011b.<\/p>\n\n\n\n<p>Skupina Amundi spol\u00e9h\u00e1 na sv\u00e9 rozs\u00e1hl\u00e9 zku\u0161enosti a \u00fazk\u00e9 vazby se sv\u011btov\u00fdmi mana\u017eery, distribu\u010dn\u00edmi platformami a retailov\u00fdmi s\u00edt\u011bmi v Evrop\u011b, asijsko-tichomo\u0159sk\u00e9m regionu a Severn\u00ed Americe. To n\u00e1m umo\u017e\u0148uje nab\u00eddnout klient\u016fm produkty vytvo\u0159en\u00e9 na m\u00edru i inovativn\u00ed slu\u017eby a p\u0159in\u00e1\u0161et p\u0159idanou hodnotu v investi\u010dn\u00edm poradenstv\u00ed v souladu s pot\u0159ebami a rizikov\u00fdmi profily retailov\u00fdch klient\u016f.<\/p>\n\n\n\n<p>Hlubok\u00e1 znalost investi\u010dn\u00edho prost\u0159ed\u00ed v oblasti pasivn\u00edch i aktivn\u00edch strategi\u00ed zahrnuj\u00edc\u00ed: aktivn\u00ed dluhopisov\u00e1, akciov\u00e1 a multi-asset portfolia zam\u011b\u0159en\u00e1 na generov\u00e1n\u00ed alfy (snaha p\u0159ekonat index), nejmodern\u011bj\u0161\u00ed kvantitativn\u00ed modely (smart beta a faktorov\u00e9 anal\u00fdzy), re\u00e1ln\u00e1 aktiva (nemovitosti, private equity, private debt, infrastrukturn\u00ed projekty), poradenstv\u00ed a dal\u0161\u00ed slu\u017eby&#8230;<\/p>\n<\/div>\n\n\n\n<div class=\"wp-block-themeisle-blocks-advanced-column\" id=\"wp-block-themeisle-blocks-advanced-column-62ec1f8c\">\n<figure class=\"wp-block-image size-large\"><img decoding=\"async\" loading=\"lazy\" width=\"400\" height=\"400\" src=\"http:\/\/195.113.194.207\/~fimpefm\/wp-content\/uploads\/2020\/09\/amu.jpeg\" alt=\"\" class=\"wp-image-382\" srcset=\"https:\/\/fim.pef.mendelu.cz\/wp-content\/uploads\/2020\/09\/amu.jpeg 400w, https:\/\/fim.pef.mendelu.cz\/wp-content\/uploads\/2020\/09\/amu-300x300.jpeg 300w, https:\/\/fim.pef.mendelu.cz\/wp-content\/uploads\/2020\/09\/amu-150x150.jpeg 150w\" sizes=\"(max-width: 400px) 100vw, 400px\" \/><\/figure>\n\n\n\n<div class=\"wp-block-buttons aligncenter is-layout-flex\">\n<div class=\"wp-block-button is-style-default\"><a class=\"wp-block-button__link has-neve-button-color-background-color has-background no-border-radius\" href=\"https:\/\/www.amundi.cz\/\"><strong>Zjistit v\u00edce<\/strong><\/a><\/div>\n<\/div>\n<\/div>\n<\/div><\/section>\n\n\n\n<section class=\"wp-block-themeisle-blocks-advanced-columns alignfull has-2-columns has-desktop-equal-layout has-tablet-equal-layout has-mobile-collapsedRows-layout has-nogap-gap has-vertical-center\" id=\"wp-block-themeisle-blocks-advanced-columns-8a45099e\"><div class=\"wp-block-themeisle-blocks-advanced-columns-overlay\"><\/div><div class=\"innerblocks-wrap\">\n<div class=\"wp-block-themeisle-blocks-advanced-column\" id=\"wp-block-themeisle-blocks-advanced-column-01c3f800\">\n<figure class=\"wp-block-image size-large\"><img decoding=\"async\" loading=\"lazy\" width=\"165\" height=\"130\" src=\"https:\/\/fim.pef.mendelu.cz\/wp-content\/uploads\/2021\/03\/petr-simcak.jpg\" alt=\"\" class=\"wp-image-615\"\/><\/figure>\n<\/div>\n\n\n\n<div class=\"wp-block-themeisle-blocks-advanced-column\" id=\"wp-block-themeisle-blocks-advanced-column-cfb532bc\">\n<div id=\"wp-block-themeisle-blocks-advanced-heading-2a5ef64e\" class=\"wp-block-themeisle-blocks-advanced-heading wp-block-themeisle-blocks-advanced-heading-2a5ef64e\"><strong>deputy head of sales<\/strong><\/div>\n\n\n\n<h2 class=\"has-text-align-left wp-block-heading\">Ing. Petr \u0160im\u010d\u00e1k, CFA<\/h2>\n\n\n\n<p><em>Spolupr\u00e1ce firem a vysok\u00fdch \u0161kol je oboustrann\u011b prosp\u011b\u0161n\u00e1. Studenti mohou l\u00e9pe prov\u00e1zat akademick\u00e9 vzd\u011bl\u00e1n\u00ed s re\u00e1lnou prax\u00ed a firmy z\u00edskaj\u00ed v budoucnu l\u00e9pe p\u0159ipraven\u00e9 absolventy. Pioneer Investments p\u016fsob\u00ed na trhu ji\u017e od roku 1928 a podpora hodnotn\u00fdch dlouhodob\u00fdch projekt\u016f je sou\u010d\u00e1st\u00ed kultury firmy.<\/em><\/p>\n<\/div>\n<\/div><\/section>\n\n\n\n<section class=\"wp-block-themeisle-blocks-advanced-columns alignfull has-2-columns has-desktop-equal-layout has-tablet-equal-layout has-mobile-collapsedRows-layout has-nogap-gap has-vertical-flex-start\" id=\"wp-block-themeisle-blocks-advanced-columns-e97d5787\"><div class=\"wp-block-themeisle-blocks-advanced-columns-overlay\"><\/div><div class=\"innerblocks-wrap\">\n<div class=\"wp-block-themeisle-blocks-advanced-column\" id=\"wp-block-themeisle-blocks-advanced-column-f654349f\">\n<h2 class=\"has-text-align-left has-large-font-size wp-block-heading\">Finan\u010dn\u00ed skupina AXA<\/h2>\n\n\n\n<p>Finan\u010dn\u00ed skupina <strong>AXA<\/strong> s evropsk\u00fdm z\u00e1zem\u00edm, kter\u00e1 vznikla ve Francii, se pod svou zna\u010dkou rozv\u00edj\u00ed od roku 1985. Ji\u017e 25 let podporuje jak sv\u00e9 individu\u00e1ln\u00ed, tak i korpor\u00e1tn\u00ed klienty v ka\u017ed\u00e9 f\u00e1zi jejich \u017eivota.<\/p>\n\n\n\n<p>Hlavn\u00ed oblast\u00ed p\u016fsoben\u00ed spole\u010dnosti je finan\u010dn\u00ed zabezpe\u010den\u00ed lid\u00ed a jejich majetku a spr\u00e1va jejich aktiv. <strong>AXA<\/strong> je p\u0159edn\u00edm poskytovatelem \u017eivotn\u00edho a ne\u017eivotn\u00edho poji\u0161t\u011bn\u00ed, penzijn\u00edho p\u0159ipoji\u0161t\u011bn\u00ed a bankovn\u00edch produkt\u016f <strong>(Spo\u0159ic\u00ed \u00fa\u010det od AXA Bank)<\/strong>.<\/p>\n\n\n\n<p>Kr\u00e9dem spole\u010dnosti <strong>AXA<\/strong> je poskytovat klient\u016fm bezpe\u010d\u00ed a maxim\u00e1ln\u011b zhodnocovat jejich finan\u010dn\u00ed prost\u0159edky. I proto se spole\u010dnost <strong>AXA<\/strong> nech\u00e1v\u00e1 pravideln\u011b hodnotit u sv\u011btov\u00fdch ratingov\u00fdch agentur a \u0159\u00edd\u00ed se jednoduch\u00fdm pravidlem: b\u00fdt v\u016f\u010di sv\u00fdm klient\u016fm vn\u00edmav\u00fdm, dostupn\u00fdm a spolehliv\u00fdm partnerem.<\/p>\n<\/div>\n\n\n\n<div class=\"wp-block-themeisle-blocks-advanced-column\" id=\"wp-block-themeisle-blocks-advanced-column-e39e6f31\">\n<figure class=\"wp-block-image size-large is-resized\"><img decoding=\"async\" loading=\"lazy\" src=\"http:\/\/195.113.194.207\/~fimpefm\/wp-content\/uploads\/2020\/09\/axa.jpeg\" alt=\"\" class=\"wp-image-383\" width=\"300\" height=\"300\" srcset=\"https:\/\/fim.pef.mendelu.cz\/wp-content\/uploads\/2020\/09\/axa.jpeg 400w, https:\/\/fim.pef.mendelu.cz\/wp-content\/uploads\/2020\/09\/axa-300x300.jpeg 300w, https:\/\/fim.pef.mendelu.cz\/wp-content\/uploads\/2020\/09\/axa-150x150.jpeg 150w\" sizes=\"(max-width: 300px) 100vw, 300px\" \/><\/figure>\n\n\n\n<div class=\"wp-block-buttons aligncenter is-layout-flex\">\n<div class=\"wp-block-button is-style-default\"><a class=\"wp-block-button__link has-neve-button-color-background-color has-background no-border-radius\" href=\"https:\/\/www.axa.cz\/\"><strong>Zjistit v\u00edce<\/strong><\/a><\/div>\n<\/div>\n<\/div>\n<\/div><\/section>\n\n\n\n<section class=\"wp-block-themeisle-blocks-advanced-columns has-2-columns has-desktop-equal-layout has-tablet-equal-layout has-mobile-collapsedRows-layout has-nogap-gap has-vertical-center\" id=\"wp-block-themeisle-blocks-advanced-columns-3db1a44f\"><div class=\"wp-block-themeisle-blocks-advanced-columns-overlay\"><\/div><div class=\"innerblocks-wrap\">\n<div class=\"wp-block-themeisle-blocks-advanced-column\" id=\"wp-block-themeisle-blocks-advanced-column-646f8ae5\">\n<h4 class=\"has-text-align-left has-normal-font-size wp-block-heading\">AXA v \u010cR<\/h4>\n\n\n\n<ul><li>Sou\u010d\u00e1st nejv\u011bt\u0161\u00ed poji\u0161\u0165ovac\u00ed skupiny<br>v Evrop\u011b podle objemu spravovan\u00fdch aktiv<\/li><li>Dynamicky rostouc\u00ed poji\u0161\u0165ovna<\/li><li>T\u00e9m\u011b\u0159 700 tis\u00edc klient\u016f<\/li><li>P\u0159es 50 miliard K\u010d aktiv pod spr\u00e1vou<\/li><li>P\u0159es 90 region\u00e1ln\u00edch a obchodn\u00edch m\u00edst<\/li><li>P\u0159es 2 500 zam\u011bstnanc\u016f a finan\u010dn\u00edch poradc\u016f<\/li><li>Penzijn\u00ed fond AXA na trhu penzijn\u00edho p\u0159ipoji\u0161t\u011bn\u00ed<br>na 3. m\u00edst\u011b podle objemu spravovan\u00fdch aktiv<\/li><\/ul>\n<\/div>\n\n\n\n<div class=\"wp-block-themeisle-blocks-advanced-column\" id=\"wp-block-themeisle-blocks-advanced-column-6b9e306f\">\n<h4 class=\"has-text-align-left has-normal-font-size wp-block-heading\">AXA ve sv\u011bt\u011b<\/h4>\n\n\n\n<ul><li>Jedni\u010dka v Evrop\u011b<\/li><li>TOP 5 ve sv\u011bt\u011b<\/li><li>P\u016fsobnost ve v\u00edce ne\u017e 50 zem\u00edch sv\u011bta<\/li><li>V\u00edce ne\u017e 90 milion\u016f klient\u016f<\/li><li>V\u00edce ne\u017e 200 000 zam\u011bstnanc\u016f<\/li><li>V\u00edce ne\u017e 90 miliard EUR v konsolidovan\u00fdch v\u00fdnosech<\/li><li>V\u00edce ne\u017e 1 000 miliard EUR ve spr\u00e1v\u011b<\/li><li>3,5 miliardy EUR upraven\u00fd zisk<\/li><li>400 000 individu\u00e1ln\u00edch akcion\u00e1\u0159\u016f<\/li><\/ul>\n<\/div>\n<\/div><\/section>\n\n\n\n<section class=\"wp-block-themeisle-blocks-advanced-columns alignfull has-2-columns has-desktop-equal-layout has-tablet-equal-layout has-mobile-collapsedRows-layout has-nogap-gap has-vertical-center\" id=\"wp-block-themeisle-blocks-advanced-columns-c099784a\"><div class=\"wp-block-themeisle-blocks-advanced-columns-overlay\"><\/div><div class=\"innerblocks-wrap\">\n<div class=\"wp-block-themeisle-blocks-advanced-column\" id=\"wp-block-themeisle-blocks-advanced-column-6587c491\">\n<h2 class=\"wp-block-heading\">Pro\u010d obor Finance a investi\u010dn\u00ed management podporuje AXA?<\/h2>\n<\/div>\n\n\n\n<div class=\"wp-block-themeisle-blocks-advanced-column\" id=\"wp-block-themeisle-blocks-advanced-column-e48c5b4f\">\n<p><em>C\u00edlem finan\u010dn\u00ed skupiny AXA je poskytovat profesion\u00e1ln\u00ed a kvalitn\u00ed finan\u010dn\u00ed poradenstv\u00ed v\u0161em, kte\u0159\u00ed cht\u011bj\u00ed odpov\u011bdn\u011b chr\u00e1nit sv\u00e9 bl\u00edzk\u00e9 a efektivn\u011b spravovat sv\u00e9 finance. A tohoto c\u00edle m\u016f\u017ee na\u0161e spole\u010dnost dos\u00e1hnout pouze tehdy, zam\u011b\u0159\u00ed-li se na z\u00edsk\u00e1v\u00e1n\u00ed a rozvoj talentovan\u00fdch a zodpov\u011bdn\u00fdch lid\u00ed. Pr\u00e1v\u011b takov\u00fdch, jak\u00fdmi jsou studenti Mendelovy univerzity v Brn\u011b.<\/em><\/p>\n<\/div>\n<\/div><\/section>\n","protected":false},"excerpt":{"rendered":"","protected":false},"author":1,"featured_media":0,"parent":0,"menu_order":0,"comment_status":"closed","ping_status":"closed","template":"","meta":{"neve_meta_sidebar":"full-width","neve_meta_container":"","neve_meta_enable_content_width":"on","neve_meta_content_width":100,"neve_meta_title_alignment":"","neve_meta_author_avatar":"","neve_post_elements_order":"","neve_meta_disable_header":"","neve_meta_disable_footer":"","neve_meta_disable_title":"on","_themeisle_gutenberg_block_has_review":false,"_ti_tpc_template_sync":false,"_ti_tpc_template_id":""},"_links":{"self":[{"href":"https:\/\/fim.pef.mendelu.cz\/index.php?rest_route=\/wp\/v2\/pages\/342"}],"collection":[{"href":"https:\/\/fim.pef.mendelu.cz\/index.php?rest_route=\/wp\/v2\/pages"}],"about":[{"href":"https:\/\/fim.pef.mendelu.cz\/index.php?rest_route=\/wp\/v2\/types\/page"}],"author":[{"embeddable":true,"href":"https:\/\/fim.pef.mendelu.cz\/index.php?rest_route=\/wp\/v2\/users\/1"}],"replies":[{"embeddable":true,"href":"https:\/\/fim.pef.mendelu.cz\/index.php?rest_route=%2Fwp%2Fv2%2Fcomments&post=342"}],"version-history":[{"count":22,"href":"https:\/\/fim.pef.mendelu.cz\/index.php?rest_route=\/wp\/v2\/pages\/342\/revisions"}],"predecessor-version":[{"id":616,"href":"https:\/\/fim.pef.mendelu.cz\/index.php?rest_route=\/wp\/v2\/pages\/342\/revisions\/616"}],"wp:attachment":[{"href":"https:\/\/fim.pef.mendelu.cz\/index.php?rest_route=%2Fwp%2Fv2%2Fmedia&parent=342"}],"curies":[{"name":"wp","href":"https:\/\/api.w.org\/{rel}","templated":true}]}}